{"id":193181,"date":"2024-07-25T15:48:56","date_gmt":"2024-07-25T13:48:56","guid":{"rendered":"https:\/\/www.refonte-adv.votre-projet.com\/home-jo\/"},"modified":"2026-02-27T15:13:43","modified_gmt":"2026-02-27T14:13:43","slug":"home","status":"publish","type":"page","link":"https:\/\/www.atelierduvin.com\/de\/","title":{"rendered":"Home"},"content":{"rendered":"    <div class=\"separator mobile-hidden\" style=\"height:70px\"><\/div>\r\n    <div class=\"separator laptop-hidden\" style=\"height:30px\"><\/div>\r\n\n\n\n<p class=\"has-text-align-center small\">Seit 1926<\/p>\n\n\n\n<h1 class=\"wp-block-heading has-text-align-center\">L\u2019Atelier du Vin kreiert exklusive Weinaccessoires.<\/h1>\n\n\n\n<p class=\"has-text-align-center big\">Heute ist unser Familienunternehmen Ihr Spezialist f\u00fcr \u00d6nologie, vom Keller bis zum Tisch.<\/p>\n\n\n    <div class=\"separator mobile-hidden\" style=\"height:55px\"><\/div>\r\n    <div class=\"separator laptop-hidden\" style=\"height:30px\"><\/div>\r\n\n\n<div class=\"products-in-line-container bordered myCustomClass\">\r\n        <div class=\"product-listing-grid listing-grid-scroll\">\r\n        <div class=\"product-listing\">\r\n            <img decoding=\"async\" class=\"hover-backdrop\" src=\"https:\/\/www.atelierduvin.com\/wp-content\/uploads\/LeVigneron_ambiance_01_paysage_HD-1024x819.jpg\" alt=\"image_background\" loading=\"lazy\">\r\n        <a href=\"https:\/\/www.atelierduvin.com\/de\/produkt\/le-vigneron-black\/\" class=\"product-link\">\r\n                        <div class=\"product-image\">\r\n            <img loading=\"lazy\" decoding=\"async\" width=\"450\" height=\"450\" src=\"https:\/\/www.atelierduvin.com\/wp-content\/uploads\/LeVigneron_seul_ouvert-450x450.jpg\" class=\"attachment-medium size-medium\" alt=\"T-f\u00f6rmiger Korkenzieher\" srcset=\"https:\/\/www.atelierduvin.com\/wp-content\/uploads\/LeVigneron_seul_ouvert-450x450.jpg 450w, https:\/\/www.atelierduvin.com\/wp-content\/uploads\/LeVigneron_seul_ouvert-1024x1024.jpg 1024w, https:\/\/www.atelierduvin.com\/wp-content\/uploads\/LeVigneron_seul_ouvert-150x150.jpg 150w, https:\/\/www.atelierduvin.com\/wp-content\/uploads\/LeVigneron_seul_ouvert-96x96.jpg 96w, https:\/\/www.atelierduvin.com\/wp-content\/uploads\/LeVigneron_seul_ouvert-42x42.jpg 42w, https:\/\/www.atelierduvin.com\/wp-content\/uploads\/LeVigneron_seul_ouvert-60x60.jpg 60w, https:\/\/www.atelierduvin.com\/wp-content\/uploads\/LeVigneron_seul_ouvert-1536x1536.jpg 1536w, https:\/\/www.atelierduvin.com\/wp-content\/uploads\/LeVigneron_seul_ouvert-1320x1320.jpg 1320w, https:\/\/www.atelierduvin.com\/wp-content\/uploads\/LeVigneron_seul_ouvert-300x300.jpg 300w, https:\/\/www.atelierduvin.com\/wp-content\/uploads\/LeVigneron_seul_ouvert-100x100.jpg 100w, https:\/\/www.atelierduvin.com\/wp-content\/uploads\/LeVigneron_seul_ouvert-64x64.jpg 64w, https:\/\/www.atelierduvin.com\/wp-content\/uploads\/LeVigneron_seul_ouvert.jpg 2000w\" sizes=\"auto, (max-width: 450px) 100vw, 450px\" \/>        <\/div>\r\n        <div class=\"product-details\">\r\n            <div class=\"row\">\r\n                                    <span class=\"product-category mono\">\r\n                    Les sp\u00e9cifiques                <\/span>\r\n                                            <\/div>\r\n            <div class=\"row\">\r\n                <h2 class=\"product-title\">\r\n                    Le Vigneron &#8211; Black                <\/h2>\r\n                <div class=\"product-price\">\r\n                    <span class=\"woocommerce-Price-amount amount\"><bdi>62,50<span class=\"woocommerce-Price-currencySymbol\">&euro;<\/span><\/bdi><\/span>                <\/div>\r\n            <\/div>\r\n        <\/div>\r\n    <\/a>\r\n<\/div><div class=\"product-listing\">\r\n            <img decoding=\"async\" class=\"hover-backdrop\" src=\"https:\/\/www.atelierduvin.com\/wp-content\/uploads\/ADV_NOMAD_NAPOLI_\u00a911h45-HD-7-1-1024x683.jpg\" alt=\"image_background\" loading=\"lazy\">\r\n        <a href=\"https:\/\/www.atelierduvin.com\/de\/produkt\/oeno-motion-nomad\/\" class=\"product-link\">\r\n                            <span class=\"perso mono\">Personalisierbar<\/span>\r\n                <div class=\"product-image\">\r\n            <img loading=\"lazy\" decoding=\"async\" width=\"450\" height=\"450\" src=\"https:\/\/www.atelierduvin.com\/wp-content\/uploads\/NOMAD-packshot-Oeno-Motion-ouvert-34-HD-450x450.jpg\" class=\"attachment-medium size-medium\" alt=\"Oeno Motion Nomad Kollektion Accessoires Wein\" srcset=\"https:\/\/www.atelierduvin.com\/wp-content\/uploads\/NOMAD-packshot-Oeno-Motion-ouvert-34-HD-450x450.jpg 450w, https:\/\/www.atelierduvin.com\/wp-content\/uploads\/NOMAD-packshot-Oeno-Motion-ouvert-34-HD-1024x1024.jpg 1024w, https:\/\/www.atelierduvin.com\/wp-content\/uploads\/NOMAD-packshot-Oeno-Motion-ouvert-34-HD-150x150.jpg 150w, https:\/\/www.atelierduvin.com\/wp-content\/uploads\/NOMAD-packshot-Oeno-Motion-ouvert-34-HD-96x96.jpg 96w, https:\/\/www.atelierduvin.com\/wp-content\/uploads\/NOMAD-packshot-Oeno-Motion-ouvert-34-HD-42x42.jpg 42w, https:\/\/www.atelierduvin.com\/wp-content\/uploads\/NOMAD-packshot-Oeno-Motion-ouvert-34-HD-60x60.jpg 60w, https:\/\/www.atelierduvin.com\/wp-content\/uploads\/NOMAD-packshot-Oeno-Motion-ouvert-34-HD-1536x1536.jpg 1536w, https:\/\/www.atelierduvin.com\/wp-content\/uploads\/NOMAD-packshot-Oeno-Motion-ouvert-34-HD-1320x1320.jpg 1320w, https:\/\/www.atelierduvin.com\/wp-content\/uploads\/NOMAD-packshot-Oeno-Motion-ouvert-34-HD-300x300.jpg 300w, https:\/\/www.atelierduvin.com\/wp-content\/uploads\/NOMAD-packshot-Oeno-Motion-ouvert-34-HD-100x100.jpg 100w, https:\/\/www.atelierduvin.com\/wp-content\/uploads\/NOMAD-packshot-Oeno-Motion-ouvert-34-HD-64x64.jpg 64w, https:\/\/www.atelierduvin.com\/wp-content\/uploads\/NOMAD-packshot-Oeno-Motion-ouvert-34-HD.jpg 2000w\" sizes=\"auto, (max-width: 450px) 100vw, 450px\" \/>        <\/div>\r\n        <div class=\"product-details\">\r\n            <div class=\"row\">\r\n                                    <span class=\"product-category mono\">\r\n                    Nomad Collection                <\/span>\r\n                                                    <span class=\"price-from mono\">\r\n                    Ab                <\/span>\r\n                            <\/div>\r\n            <div class=\"row\">\r\n                <h2 class=\"product-title\">\r\n                    Oeno Motion Nomad                <\/h2>\r\n                <div class=\"product-price\">\r\n                    <span class=\"woocommerce-Price-amount amount\"><bdi>358,33<span class=\"woocommerce-Price-currencySymbol\">&euro;<\/span><\/bdi><\/span>                <\/div>\r\n            <\/div>\r\n        <\/div>\r\n    <\/a>\r\n<\/div><div class=\"product-listing\">\r\n            <img decoding=\"async\" class=\"hover-backdrop\" src=\"https:\/\/www.atelierduvin.com\/wp-content\/uploads\/CarafeBonde_ambiance_paysage-1024x819.jpg\" alt=\"image_background\" loading=\"lazy\">\r\n        <a href=\"https:\/\/www.atelierduvin.com\/de\/produkt\/karaffe-bonde\/\" class=\"product-link\">\r\n                        <div class=\"product-image\">\r\n            <img loading=\"lazy\" decoding=\"async\" width=\"450\" height=\"450\" src=\"https:\/\/www.atelierduvin.com\/wp-content\/uploads\/CarafeBonde_avecvin_HD-450x450.jpg\" class=\"attachment-medium size-medium\" alt=\"Son assise large et son goulot \u00e9vas\u00e9 font de la Carafe Bonde une formidable alli\u00e9e pour l\u2019oxyg\u00e9nation de tous les vins\" srcset=\"https:\/\/www.atelierduvin.com\/wp-content\/uploads\/CarafeBonde_avecvin_HD-450x450.jpg 450w, https:\/\/www.atelierduvin.com\/wp-content\/uploads\/CarafeBonde_avecvin_HD-1024x1024.jpg 1024w, https:\/\/www.atelierduvin.com\/wp-content\/uploads\/CarafeBonde_avecvin_HD-150x150.jpg 150w, https:\/\/www.atelierduvin.com\/wp-content\/uploads\/CarafeBonde_avecvin_HD-96x96.jpg 96w, https:\/\/www.atelierduvin.com\/wp-content\/uploads\/CarafeBonde_avecvin_HD-42x42.jpg 42w, https:\/\/www.atelierduvin.com\/wp-content\/uploads\/CarafeBonde_avecvin_HD-1536x1536.jpg 1536w, https:\/\/www.atelierduvin.com\/wp-content\/uploads\/CarafeBonde_avecvin_HD-1320x1320.jpg 1320w, https:\/\/www.atelierduvin.com\/wp-content\/uploads\/CarafeBonde_avecvin_HD-300x300.jpg 300w, https:\/\/www.atelierduvin.com\/wp-content\/uploads\/CarafeBonde_avecvin_HD-100x100.jpg 100w, https:\/\/www.atelierduvin.com\/wp-content\/uploads\/CarafeBonde_avecvin_HD-64x64.jpg 64w, https:\/\/www.atelierduvin.com\/wp-content\/uploads\/CarafeBonde_avecvin_HD.jpg 2000w\" sizes=\"auto, (max-width: 450px) 100vw, 450px\" \/>        <\/div>\r\n        <div class=\"product-details\">\r\n            <div class=\"row\">\r\n                                    <span class=\"product-category mono\">\r\n                    Verres et carafes                <\/span>\r\n                                            <\/div>\r\n            <div class=\"row\">\r\n                <h2 class=\"product-title\">\r\n                    Karaffe Bonde                <\/h2>\r\n                <div class=\"product-price\">\r\n                    <span class=\"woocommerce-Price-amount amount\"><bdi>70,83<span class=\"woocommerce-Price-currencySymbol\">&euro;<\/span><\/bdi><\/span>                <\/div>\r\n            <\/div>\r\n        <\/div>\r\n    <\/a>\r\n<\/div><div class=\"product-listing\">\r\n            <img decoding=\"async\" class=\"hover-backdrop\" src=\"https:\/\/www.atelierduvin.com\/wp-content\/uploads\/Oeno-Collection-2-ambiance-paysage-1-1024x683.jpg\" alt=\"image_background\" loading=\"lazy\">\r\n        <a href=\"https:\/\/www.atelierduvin.com\/de\/produkt\/oeno-collection-2\/\" class=\"product-link\">\r\n                            <span class=\"perso mono\">Personalisierbar<\/span>\r\n                <div class=\"product-image\">\r\n            <img loading=\"lazy\" decoding=\"async\" width=\"450\" height=\"450\" src=\"https:\/\/www.atelierduvin.com\/wp-content\/uploads\/220707_ATELIER_DU_VIN_-193-450x450.jpg\" class=\"attachment-medium size-medium\" alt=\"Sommelier-Set mit einem Schneckenkorkenzieher, einem Gard&#039;Vin, einem Luftausgie\u00dfer, einer Zange f\u00fcr Champagnerkorken, einem Kapselschneider und einem Konservierungsstopfen f\u00fcr Champagner\" srcset=\"https:\/\/www.atelierduvin.com\/wp-content\/uploads\/220707_ATELIER_DU_VIN_-193-450x450.jpg 450w, https:\/\/www.atelierduvin.com\/wp-content\/uploads\/220707_ATELIER_DU_VIN_-193-1024x1024.jpg 1024w, https:\/\/www.atelierduvin.com\/wp-content\/uploads\/220707_ATELIER_DU_VIN_-193-150x150.jpg 150w, https:\/\/www.atelierduvin.com\/wp-content\/uploads\/220707_ATELIER_DU_VIN_-193-96x96.jpg 96w, https:\/\/www.atelierduvin.com\/wp-content\/uploads\/220707_ATELIER_DU_VIN_-193-42x42.jpg 42w, https:\/\/www.atelierduvin.com\/wp-content\/uploads\/220707_ATELIER_DU_VIN_-193-60x60.jpg 60w, https:\/\/www.atelierduvin.com\/wp-content\/uploads\/220707_ATELIER_DU_VIN_-193-1536x1536.jpg 1536w, https:\/\/www.atelierduvin.com\/wp-content\/uploads\/220707_ATELIER_DU_VIN_-193-1320x1320.jpg 1320w, https:\/\/www.atelierduvin.com\/wp-content\/uploads\/220707_ATELIER_DU_VIN_-193-300x300.jpg 300w, https:\/\/www.atelierduvin.com\/wp-content\/uploads\/220707_ATELIER_DU_VIN_-193-100x100.jpg 100w, https:\/\/www.atelierduvin.com\/wp-content\/uploads\/220707_ATELIER_DU_VIN_-193-64x64.jpg 64w, https:\/\/www.atelierduvin.com\/wp-content\/uploads\/220707_ATELIER_DU_VIN_-193.jpg 2000w\" sizes=\"auto, (max-width: 450px) 100vw, 450px\" \/>        <\/div>\r\n        <div class=\"product-details\">\r\n            <div class=\"row\">\r\n                                    <span class=\"product-category mono\">\r\n                    Coffrets d\u2019Outils du Vin                <\/span>\r\n                                                    <span class=\"price-from mono\">\r\n                    Ab                <\/span>\r\n                            <\/div>\r\n            <div class=\"row\">\r\n                <h2 class=\"product-title\">\r\n                    Oeno Collection 2                <\/h2>\r\n                <div class=\"product-price\">\r\n                    <span class=\"woocommerce-Price-amount amount\"><bdi>208,33<span class=\"woocommerce-Price-currencySymbol\">&euro;<\/span><\/bdi><\/span>                <\/div>\r\n            <\/div>\r\n        <\/div>\r\n    <\/a>\r\n<\/div><div class=\"product-listing\">\r\n            <img decoding=\"async\" class=\"hover-backdrop\" src=\"https:\/\/www.atelierduvin.com\/wp-content\/uploads\/BilameSilver_ambiance_portrait_HD-819x1024.jpg\" alt=\"image_background\" loading=\"lazy\">\r\n        <a href=\"https:\/\/www.atelierduvin.com\/de\/produkt\/bilame-silver-signature\/\" class=\"product-link\">\r\n                            <span class=\"perso mono\">Personalisierbar<\/span>\r\n                <div class=\"product-image\">\r\n            <img loading=\"lazy\" decoding=\"async\" width=\"450\" height=\"450\" src=\"https:\/\/www.atelierduvin.com\/wp-content\/uploads\/BilameSilver_etui_carre_BD-450x450.jpg\" class=\"attachment-medium size-medium\" alt=\"Bilame Silver Signature\" srcset=\"https:\/\/www.atelierduvin.com\/wp-content\/uploads\/BilameSilver_etui_carre_BD-450x450.jpg 450w, https:\/\/www.atelierduvin.com\/wp-content\/uploads\/BilameSilver_etui_carre_BD-1024x1024.jpg 1024w, https:\/\/www.atelierduvin.com\/wp-content\/uploads\/BilameSilver_etui_carre_BD-150x150.jpg 150w, https:\/\/www.atelierduvin.com\/wp-content\/uploads\/BilameSilver_etui_carre_BD-768x768.jpg 768w, https:\/\/www.atelierduvin.com\/wp-content\/uploads\/BilameSilver_etui_carre_BD-1536x1536.jpg 1536w, https:\/\/www.atelierduvin.com\/wp-content\/uploads\/BilameSilver_etui_carre_BD-300x300.jpg 300w, https:\/\/www.atelierduvin.com\/wp-content\/uploads\/BilameSilver_etui_carre_BD-100x100.jpg 100w, https:\/\/www.atelierduvin.com\/wp-content\/uploads\/BilameSilver_etui_carre_BD-96x96.jpg 96w, https:\/\/www.atelierduvin.com\/wp-content\/uploads\/BilameSilver_etui_carre_BD-42x42.jpg 42w, https:\/\/www.atelierduvin.com\/wp-content\/uploads\/BilameSilver_etui_carre_BD-64x64.jpg 64w, https:\/\/www.atelierduvin.com\/wp-content\/uploads\/BilameSilver_etui_carre_BD.jpg 2000w\" sizes=\"auto, (max-width: 450px) 100vw, 450px\" \/>        <\/div>\r\n        <div class=\"product-details\">\r\n            <div class=\"row\">\r\n                                                    <span class=\"price-from mono\">\r\n                    Ab                <\/span>\r\n                            <\/div>\r\n            <div class=\"row\">\r\n                <h2 class=\"product-title\">\r\n                    Bilame Silver Signature                <\/h2>\r\n                <div class=\"product-price\">\r\n                    <span class=\"woocommerce-Price-amount amount\"><bdi>66,67<span class=\"woocommerce-Price-currencySymbol\">&euro;<\/span><\/bdi><\/span>                <\/div>\r\n            <\/div>\r\n        <\/div>\r\n    <\/a>\r\n<\/div><div class=\"product-listing\">\r\n            <img decoding=\"async\" class=\"hover-backdrop\" src=\"https:\/\/www.atelierduvin.com\/wp-content\/uploads\/LeBouchonBlack_ambiance_paysage_03-1024x819.jpg\" alt=\"image_background\" loading=\"lazy\">\r\n        <a href=\"https:\/\/www.atelierduvin.com\/de\/produkt\/le-bouchon-black\/\" class=\"product-link\">\r\n                    <span class=\"tag mono\">NEW<\/span>\r\n                        <div class=\"product-image\">\r\n            <img loading=\"lazy\" decoding=\"async\" width=\"450\" height=\"450\" src=\"https:\/\/www.atelierduvin.com\/wp-content\/uploads\/LeBouchon_black_cube_face-450x450.jpg\" class=\"attachment-medium size-medium\" alt=\"Le Bouchon - Black\" srcset=\"https:\/\/www.atelierduvin.com\/wp-content\/uploads\/LeBouchon_black_cube_face-450x450.jpg 450w, https:\/\/www.atelierduvin.com\/wp-content\/uploads\/LeBouchon_black_cube_face-1024x1024.jpg 1024w, https:\/\/www.atelierduvin.com\/wp-content\/uploads\/LeBouchon_black_cube_face-150x150.jpg 150w, https:\/\/www.atelierduvin.com\/wp-content\/uploads\/LeBouchon_black_cube_face-96x96.jpg 96w, https:\/\/www.atelierduvin.com\/wp-content\/uploads\/LeBouchon_black_cube_face-42x42.jpg 42w, https:\/\/www.atelierduvin.com\/wp-content\/uploads\/LeBouchon_black_cube_face-60x60.jpg 60w, https:\/\/www.atelierduvin.com\/wp-content\/uploads\/LeBouchon_black_cube_face-1536x1536.jpg 1536w, https:\/\/www.atelierduvin.com\/wp-content\/uploads\/LeBouchon_black_cube_face-1320x1320.jpg 1320w, https:\/\/www.atelierduvin.com\/wp-content\/uploads\/LeBouchon_black_cube_face-300x300.jpg 300w, https:\/\/www.atelierduvin.com\/wp-content\/uploads\/LeBouchon_black_cube_face-100x100.jpg 100w, https:\/\/www.atelierduvin.com\/wp-content\/uploads\/LeBouchon_black_cube_face-64x64.jpg 64w, https:\/\/www.atelierduvin.com\/wp-content\/uploads\/LeBouchon_black_cube_face.jpg 2000w\" sizes=\"auto, (max-width: 450px) 100vw, 450px\" \/>        <\/div>\r\n        <div class=\"product-details\">\r\n            <div class=\"row\">\r\n                                    <span class=\"product-category mono\">\r\n                    Nouveaut\u00e9s                <\/span>\r\n                                            <\/div>\r\n            <div class=\"row\">\r\n                <h2 class=\"product-title\">\r\n                    Le Bouchon &#8211; Black                <\/h2>\r\n                <div class=\"product-price\">\r\n                    <span class=\"woocommerce-Price-amount amount\"><bdi>99,17<span class=\"woocommerce-Price-currencySymbol\">&euro;<\/span><\/bdi><\/span>                <\/div>\r\n            <\/div>\r\n        <\/div>\r\n    <\/a>\r\n<\/div>    <\/div>\r\n            <div class=\"listing-grid-controls row\">\r\n            <span class=\"previous disabled\">\r\n                <svg width=\"12\" height=\"12\" viewBox=\"0 0 12 12\" fill=\"none\" xmlns=\"http:\/\/www.w3.org\/2000\/svg\">\r\n                    <path d=\"M8.60967 11.9399L2.63867 5.97591L8.69417 0.0974121L9.39667 0.799412L4.05417 5.98591L9.32267 11.2484L8.60967 11.9399Z\"\r\n                          fill=\"black\"\/>\r\n                <\/svg>\r\n            <\/span>\r\n            <div class=\"current row\">\r\n                <span class=\"current_num mobile-hidden\">3<\/span>\r\n                <span class=\"current_num desktop-hidden\">1<\/span>\r\n                <span>\r\n                    &nbsp;sur&nbsp;6                <\/span>\r\n            <\/div>\r\n            <span class=\"next mobile-hidden\">\r\n                <svg width=\"12\" height=\"12\" viewBox=\"0 0 12 12\" fill=\"none\" xmlns=\"http:\/\/www.w3.org\/2000\/svg\">\r\n                    <path d=\"M3.39033 0.0600882L9.36133 6.02409L3.30583 11.9026L2.60333 11.2006L7.94583 6.01409L2.67733 0.751588L3.39033 0.0600882Z\"\r\n                          fill=\"black\"\/>\r\n                <\/svg>\r\n            <\/span>\r\n            <span class=\"next desktop-hidden\">\r\n                <svg width=\"12\" height=\"12\" viewBox=\"0 0 12 12\" fill=\"none\" xmlns=\"http:\/\/www.w3.org\/2000\/svg\">\r\n                    <path d=\"M3.39033 0.0600882L9.36133 6.02409L3.30583 11.9026L2.60333 11.2006L7.94583 6.01409L2.67733 0.751588L3.39033 0.0600882Z\"\r\n                          fill=\"black\"\/>\r\n                <\/svg>\r\n            <\/span>\r\n        <\/div>\r\n    <\/div>\n\n    <div class=\"full-page-carousel-container bordered\">\r\n        <div class=\"full-page-carousel\">\r\n                            <div class=\"slide-produit row active \">\r\n                                            <a href=\"\/de\/produkt-kategorie\/wein-zubehoer-set\/\"  class=\"left-link\">\r\n                            <img decoding=\"async\" src=\"https:\/\/www.atelierduvin.com\/wp-content\/uploads\/ADV_Cat_Coffret_paysage_HD-1.jpg\" alt=\"\" loading=\"lazy\" >                        <\/a>\r\n                                        <div class=\"right\">\r\n                        <span class=\"label\">\r\n                                                    <\/span>\r\n                                                                            <h2>\r\n                                Geschenksets                            <\/h2>\r\n                                                                            <p class=\"h3 centered\">\r\n                                Handgefertigte Holzk\u00e4stchen, weiche Ledertaschen, vollst\u00e4ndige Essentials \u2013 unsere Weinzubeh\u00f6r-Sets sind als langlebige Etuis konzipiert, angepasst an jeden Bedarf: Einf\u00fchrung, Service, Konservierung oder Weitergabe.                            <\/p>\r\n                                                                            <a href=\"\/de\/produkt-kategorie\/wein-zubehoer-set\/\" class=\"cta\">\r\n                                Entdecken                            <\/a>\r\n                                            <\/div>\r\n                <\/div>\r\n                            <div class=\"slide-produit row  \">\r\n                                            <a href=\"\/de\/produkt-kategorie\/korkenzieher\/\"  class=\"left-link\">\r\n                            <img decoding=\"async\" src=\"https:\/\/www.atelierduvin.com\/wp-content\/uploads\/ADV_Cat_TireBouchon_paysage_HD-1.jpg\" alt=\"\" loading=\"lazy\" >                        <\/a>\r\n                                        <div class=\"right\">\r\n                        <span class=\"label\">\r\n                                                    <\/span>\r\n                                                                            <h2>\r\n                                Korkenzieher                            <\/h2>\r\n                                                                            <p class=\"h3 centered\">\r\n                                Ob Sie ein passionierter Weinfreund, ein Sammler oder ein professioneller Sommelier sind \u2013 die Wahl des richtigen Korkenziehers macht den entscheidenden Unterschied beim \u00d6ffnen Ihrer Flaschen.                            <\/p>\r\n                                                                            <a href=\"\/de\/produkt-kategorie\/korkenzieher\/\" class=\"cta\">\r\n                                Entdecken                            <\/a>\r\n                                            <\/div>\r\n                <\/div>\r\n                            <div class=\"slide-produit row  \">\r\n                                            <a href=\"\/de\/produkt-kategorie\/flaschenverschlusse_und_aufbewahrung\/\"  class=\"left-link\">\r\n                            <img decoding=\"async\" src=\"https:\/\/www.atelierduvin.com\/wp-content\/uploads\/ADV_Cat_Preservation_paysage_HD-2.jpg\" alt=\"\" loading=\"lazy\" >                        <\/a>\r\n                                        <div class=\"right\">\r\n                        <span class=\"label\">\r\n                                                    <\/span>\r\n                                                                            <h2>\r\n                                Flaschenverschl\u00fcsse und Aufbewahrung                            <\/h2>\r\n                                                                            <p class=\"h3 centered\">\r\n                                Wein nach dem \u00d6ffnen richtig aufzubewahren hei\u00dft, das Vergn\u00fcgen zu verl\u00e4ngern, ohne seine Seele zu verf\u00e4lschen. Aromen, Frische, Struktur \u2013 ab dem ersten Kontakt mit Luft ver\u00e4ndert sich das Gleichgewicht.                            <\/p>\r\n                                                                            <a href=\"\/de\/produkt-kategorie\/flaschenverschlusse_und_aufbewahrung\/\" class=\"cta\">\r\n                                Entdecken                            <\/a>\r\n                                            <\/div>\r\n                <\/div>\r\n                            <div class=\"slide-produit row  \">\r\n                                            <a href=\"\/de\/produkt-kategorie\/glaser_und_karaffen\/\"  class=\"left-link\">\r\n                            <img decoding=\"async\" src=\"https:\/\/www.atelierduvin.com\/wp-content\/uploads\/ADV_Cat_Verrerie_paysage_HD-2.jpg\" alt=\"\" loading=\"lazy\" >                        <\/a>\r\n                                        <div class=\"right\">\r\n                        <span class=\"label\">\r\n                                                    <\/span>\r\n                                                                            <h2>\r\n                                Gl\u00e4ser und Karaffen                            <\/h2>\r\n                                                                            <p class=\"h3 centered\">\r\n                                Wein zu servieren hei\u00dft bereits, ihn zu verkosten. Temperatur, Bel\u00fcftung, eingeschenktes Volumen \u2013 alles beeinflusst, wie der Wein sich entfaltet.                            <\/p>\r\n                                                                            <a href=\"\/de\/produkt-kategorie\/glaser_und_karaffen\/\" class=\"cta\">\r\n                                Entdecken                            <\/a>\r\n                                            <\/div>\r\n                <\/div>\r\n                    <\/div>\r\n                    <div class=\"dots\">\r\n                                    <div class=\"dot active\" data-target=\"0\">\r\n                        <div class=\"dot-visual\"><\/div>\r\n                    <\/div>\r\n                                    <div class=\"dot\" data-target=\"1\">\r\n                        <div class=\"dot-visual\"><\/div>\r\n                    <\/div>\r\n                                    <div class=\"dot\" data-target=\"2\">\r\n                        <div class=\"dot-visual\"><\/div>\r\n                    <\/div>\r\n                                    <div class=\"dot\" data-target=\"3\">\r\n                        <div class=\"dot-visual\"><\/div>\r\n                    <\/div>\r\n                            <\/div>\r\n            <\/div>\r\n\n\n    <div class=\"separator mobile-hidden\" style=\"height:40px\"><\/div>\r\n    <div class=\"separator laptop-hidden\" style=\"height:20px\"><\/div>\r\n\n\n\n<h2 class=\"wp-block-heading has-text-align-center\">Gestalten Sie Ihre Weinaccessoires<\/h2>\n\n\n\n<p class=\"has-text-align-center\">F\u00fcr ein einzigartiges und raffiniertes Geschenk, schenken Sie oder g\u00f6nnen Sie sich personalisierte Weinwerkzeuge von L\u2019Atelier du Vin, f\u00fcr erhabene Verkostungen.<\/p>\n\n\n\n<p class=\"has-text-align-center\"><a href=\"https:\/\/www.atelierduvin.com\/de\/produkt-kategorie\/personalisierung\/\"><span style=\"text-decoration: underline;\">Entdecken<\/span><\/a><\/p>\n\n\n    <div class=\"separator mobile-hidden\" style=\"height:40px\"><\/div>\r\n    <div class=\"separator laptop-hidden\" style=\"height:20px\"><\/div>\r\n\n\n<div class=\"products-in-line-container bordered \">\r\n        <div class=\"product-listing-grid listing-grid-scroll\">\r\n        <div class=\"product-listing\">\r\n            <img decoding=\"async\" class=\"hover-backdrop\" src=\"https:\/\/www.atelierduvin.com\/wp-content\/uploads\/LeGlobe_ambiance_portrait_02_HD-819x1024.jpg\" alt=\"image_background\" loading=\"lazy\">\r\n        <a href=\"https:\/\/www.atelierduvin.com\/de\/produkt\/le-globe\/\" class=\"product-link\">\r\n                            <span class=\"perso mono\">Personalisierbar<\/span>\r\n                <div class=\"product-image\">\r\n            <img loading=\"lazy\" decoding=\"async\" width=\"450\" height=\"450\" src=\"https:\/\/www.atelierduvin.com\/wp-content\/uploads\/LeGlobe-450x450.jpg\" class=\"attachment-medium size-medium\" alt=\"Coffret sommelier sous un d\u00f4me de verre, avec un tire-bouchon sommelier Soft Machine Silver, un bouchon de pr\u00e9servation pour le champagne Bubble Cork Silver, une pince \u00e0 bouchon pour le champagne, et une pompe \u00e0 vide pour le vin\" srcset=\"https:\/\/www.atelierduvin.com\/wp-content\/uploads\/LeGlobe-450x450.jpg 450w, https:\/\/www.atelierduvin.com\/wp-content\/uploads\/LeGlobe-1024x1024.jpg 1024w, https:\/\/www.atelierduvin.com\/wp-content\/uploads\/LeGlobe-150x150.jpg 150w, https:\/\/www.atelierduvin.com\/wp-content\/uploads\/LeGlobe-768x768.jpg 768w, https:\/\/www.atelierduvin.com\/wp-content\/uploads\/LeGlobe-1536x1536.jpg 1536w, https:\/\/www.atelierduvin.com\/wp-content\/uploads\/LeGlobe-300x300.jpg 300w, https:\/\/www.atelierduvin.com\/wp-content\/uploads\/LeGlobe-100x100.jpg 100w, https:\/\/www.atelierduvin.com\/wp-content\/uploads\/LeGlobe-96x96.jpg 96w, https:\/\/www.atelierduvin.com\/wp-content\/uploads\/LeGlobe-42x42.jpg 42w, https:\/\/www.atelierduvin.com\/wp-content\/uploads\/LeGlobe-64x64.jpg 64w, https:\/\/www.atelierduvin.com\/wp-content\/uploads\/LeGlobe.jpg 2000w\" sizes=\"auto, (max-width: 450px) 100vw, 450px\" \/>        <\/div>\r\n        <div class=\"product-details\">\r\n            <div class=\"row\">\r\n                                    <span class=\"product-category mono\">\r\n                    Coffrets d\u2019Outils du Vin                <\/span>\r\n                                                    <span class=\"price-from mono\">\r\n                    Ab                <\/span>\r\n                            <\/div>\r\n            <div class=\"row\">\r\n                <h2 class=\"product-title\">\r\n                    Le Globe                <\/h2>\r\n                <div class=\"product-price\">\r\n                    <span class=\"woocommerce-Price-amount amount\"><bdi>283,33<span class=\"woocommerce-Price-currencySymbol\">&euro;<\/span><\/bdi><\/span>                <\/div>\r\n            <\/div>\r\n        <\/div>\r\n    <\/a>\r\n<\/div><div class=\"product-listing\">\r\n            <img decoding=\"async\" class=\"hover-backdrop\" src=\"https:\/\/www.atelierduvin.com\/wp-content\/uploads\/OenoMotion_WoodBlack_ambiance_paysage_01_2024_HD-1024x819.jpg\" alt=\"image_background\" loading=\"lazy\">\r\n        <a href=\"https:\/\/www.atelierduvin.com\/produit\/oeno-motion-woodblack\/\" class=\"product-link\">\r\n                            <span class=\"perso mono\">Personalisierbar<\/span>\r\n                <div class=\"product-image\">\r\n            <img loading=\"lazy\" decoding=\"async\" width=\"450\" height=\"450\" src=\"https:\/\/www.atelierduvin.com\/wp-content\/uploads\/OenoMotionWoodBlack_seul-450x450.jpg\" class=\"attachment-medium size-medium\" alt=\"Vue de face du tire-bouchon Oeno Motion Wood &amp; Black\" srcset=\"https:\/\/www.atelierduvin.com\/wp-content\/uploads\/OenoMotionWoodBlack_seul-450x450.jpg 450w, https:\/\/www.atelierduvin.com\/wp-content\/uploads\/OenoMotionWoodBlack_seul-1024x1024.jpg 1024w, https:\/\/www.atelierduvin.com\/wp-content\/uploads\/OenoMotionWoodBlack_seul-150x150.jpg 150w, https:\/\/www.atelierduvin.com\/wp-content\/uploads\/OenoMotionWoodBlack_seul-96x96.jpg 96w, https:\/\/www.atelierduvin.com\/wp-content\/uploads\/OenoMotionWoodBlack_seul-42x42.jpg 42w, https:\/\/www.atelierduvin.com\/wp-content\/uploads\/OenoMotionWoodBlack_seul-60x60.jpg 60w, https:\/\/www.atelierduvin.com\/wp-content\/uploads\/OenoMotionWoodBlack_seul-1536x1536.jpg 1536w, https:\/\/www.atelierduvin.com\/wp-content\/uploads\/OenoMotionWoodBlack_seul-1320x1320.jpg 1320w, https:\/\/www.atelierduvin.com\/wp-content\/uploads\/OenoMotionWoodBlack_seul-300x300.jpg 300w, https:\/\/www.atelierduvin.com\/wp-content\/uploads\/OenoMotionWoodBlack_seul-100x100.jpg 100w, https:\/\/www.atelierduvin.com\/wp-content\/uploads\/OenoMotionWoodBlack_seul-64x64.jpg 64w, https:\/\/www.atelierduvin.com\/wp-content\/uploads\/OenoMotionWoodBlack_seul.jpg 2000w\" sizes=\"auto, (max-width: 450px) 100vw, 450px\" \/>        <\/div>\r\n        <div class=\"product-details\">\r\n            <div class=\"row\">\r\n                                    <span class=\"product-category mono\">\r\n                    Tire-bouchons                <\/span>\r\n                                                    <span class=\"price-from mono\">\r\n                    Ab                <\/span>\r\n                            <\/div>\r\n            <div class=\"row\">\r\n                <h2 class=\"product-title\">\r\n                    Oeno Motion Wood &amp; Black                <\/h2>\r\n                <div class=\"product-price\">\r\n                    <span class=\"woocommerce-Price-amount amount\"><bdi>154,17<span class=\"woocommerce-Price-currencySymbol\">&euro;<\/span><\/bdi><\/span>                <\/div>\r\n            <\/div>\r\n        <\/div>\r\n    <\/a>\r\n<\/div><div class=\"product-listing\">\r\n            <img decoding=\"async\" class=\"hover-backdrop\" src=\"https:\/\/www.atelierduvin.com\/wp-content\/uploads\/SoftMachineSilver_ambiance_paysage_HD-1536x1229-1-1024x819.jpg\" alt=\"image_background\" loading=\"lazy\">\r\n        <a href=\"https:\/\/www.atelierduvin.com\/de\/produkt\/soft-machine-silver\/\" class=\"product-link\">\r\n                    <span class=\"tag mono\">NEW<\/span>\r\n                            <span class=\"perso mono\">Personalisierbar<\/span>\r\n                <div class=\"product-image\">\r\n            <img loading=\"lazy\" decoding=\"async\" width=\"450\" height=\"450\" src=\"https:\/\/www.atelierduvin.com\/wp-content\/uploads\/SoftMachineSilver_ferme_carre_HD-450x450.jpg\" class=\"attachment-medium size-medium\" alt=\"Sommelier-Korkenzieher Soft Machine Silver\" srcset=\"https:\/\/www.atelierduvin.com\/wp-content\/uploads\/SoftMachineSilver_ferme_carre_HD-450x450.jpg 450w, https:\/\/www.atelierduvin.com\/wp-content\/uploads\/SoftMachineSilver_ferme_carre_HD-1024x1024.jpg 1024w, https:\/\/www.atelierduvin.com\/wp-content\/uploads\/SoftMachineSilver_ferme_carre_HD-150x150.jpg 150w, https:\/\/www.atelierduvin.com\/wp-content\/uploads\/SoftMachineSilver_ferme_carre_HD-768x768.jpg 768w, https:\/\/www.atelierduvin.com\/wp-content\/uploads\/SoftMachineSilver_ferme_carre_HD-1320x1320.jpg 1320w, https:\/\/www.atelierduvin.com\/wp-content\/uploads\/SoftMachineSilver_ferme_carre_HD-300x300.jpg 300w, https:\/\/www.atelierduvin.com\/wp-content\/uploads\/SoftMachineSilver_ferme_carre_HD-100x100.jpg 100w, https:\/\/www.atelierduvin.com\/wp-content\/uploads\/SoftMachineSilver_ferme_carre_HD-96x96.jpg 96w, https:\/\/www.atelierduvin.com\/wp-content\/uploads\/SoftMachineSilver_ferme_carre_HD-42x42.jpg 42w, https:\/\/www.atelierduvin.com\/wp-content\/uploads\/SoftMachineSilver_ferme_carre_HD-64x64.jpg 64w, https:\/\/www.atelierduvin.com\/wp-content\/uploads\/SoftMachineSilver_ferme_carre_HD.jpg 1500w\" sizes=\"auto, (max-width: 450px) 100vw, 450px\" \/>        <\/div>\r\n        <div class=\"product-details\">\r\n            <div class=\"row\">\r\n                                                    <span class=\"price-from mono\">\r\n                    Ab                <\/span>\r\n                            <\/div>\r\n            <div class=\"row\">\r\n                <h2 class=\"product-title\">\r\n                    Soft Machine Silver                <\/h2>\r\n                <div class=\"product-price\">\r\n                    <span class=\"woocommerce-Price-amount amount\"><bdi>62,50<span class=\"woocommerce-Price-currencySymbol\">&euro;<\/span><\/bdi><\/span>                <\/div>\r\n            <\/div>\r\n        <\/div>\r\n    <\/a>\r\n<\/div><div class=\"product-listing\">\r\n            <img decoding=\"async\" class=\"hover-backdrop\" src=\"https:\/\/www.atelierduvin.com\/wp-content\/uploads\/PinceaBouchon_ambiance_portrait1-819x1024.jpg\" alt=\"image_background\" loading=\"lazy\">\r\n        <a href=\"https:\/\/www.atelierduvin.com\/de\/produkt\/champagnerzange\/\" class=\"product-link\">\r\n                            <span class=\"perso mono\">Personalisierbar<\/span>\r\n                <div class=\"product-image\">\r\n            <img loading=\"lazy\" decoding=\"async\" width=\"450\" height=\"450\" src=\"https:\/\/www.atelierduvin.com\/wp-content\/uploads\/Pince_a_bouchon_packshot-450x450.jpg\" class=\"attachment-medium size-medium\" alt=\"Champagnerzange f\u00fcr Flaschen\" srcset=\"https:\/\/www.atelierduvin.com\/wp-content\/uploads\/Pince_a_bouchon_packshot-450x450.jpg 450w, https:\/\/www.atelierduvin.com\/wp-content\/uploads\/Pince_a_bouchon_packshot-1024x1024.jpg 1024w, https:\/\/www.atelierduvin.com\/wp-content\/uploads\/Pince_a_bouchon_packshot-150x150.jpg 150w, https:\/\/www.atelierduvin.com\/wp-content\/uploads\/Pince_a_bouchon_packshot-96x96.jpg 96w, https:\/\/www.atelierduvin.com\/wp-content\/uploads\/Pince_a_bouchon_packshot-42x42.jpg 42w, https:\/\/www.atelierduvin.com\/wp-content\/uploads\/Pince_a_bouchon_packshot-1536x1536.jpg 1536w, https:\/\/www.atelierduvin.com\/wp-content\/uploads\/Pince_a_bouchon_packshot-1320x1320.jpg 1320w, https:\/\/www.atelierduvin.com\/wp-content\/uploads\/Pince_a_bouchon_packshot-300x300.jpg 300w, https:\/\/www.atelierduvin.com\/wp-content\/uploads\/Pince_a_bouchon_packshot-100x100.jpg 100w, https:\/\/www.atelierduvin.com\/wp-content\/uploads\/Pince_a_bouchon_packshot-64x64.jpg 64w, https:\/\/www.atelierduvin.com\/wp-content\/uploads\/Pince_a_bouchon_packshot.jpg 2000w\" sizes=\"auto, (max-width: 450px) 100vw, 450px\" \/>        <\/div>\r\n        <div class=\"product-details\">\r\n            <div class=\"row\">\r\n                                    <span class=\"product-category mono\">\r\n                    Tire-bouchons                <\/span>\r\n                                                    <span class=\"price-from mono\">\r\n                    Ab                <\/span>\r\n                            <\/div>\r\n            <div class=\"row\">\r\n                <h2 class=\"product-title\">\r\n                    Champagnerzange                <\/h2>\r\n                <div class=\"product-price\">\r\n                    <span class=\"woocommerce-Price-amount amount\"><bdi>21,67<span class=\"woocommerce-Price-currencySymbol\">&euro;<\/span><\/bdi><\/span>                <\/div>\r\n            <\/div>\r\n        <\/div>\r\n    <\/a>\r\n<\/div><div class=\"product-listing\">\r\n            <img decoding=\"async\" class=\"hover-backdrop\" src=\"https:\/\/www.atelierduvin.com\/wp-content\/uploads\/ADV_Venise_77-683x1024.jpg\" alt=\"image_background\" loading=\"lazy\">\r\n        <a href=\"https:\/\/www.atelierduvin.com\/de\/produkt\/oeno-motion-gold-nomad\/\" class=\"product-link\">\r\n                            <span class=\"perso mono\">Personalisierbar<\/span>\r\n                <div class=\"product-image\">\r\n            <img loading=\"lazy\" decoding=\"async\" width=\"450\" height=\"450\" src=\"https:\/\/www.atelierduvin.com\/wp-content\/uploads\/Oeno-Motion-Gold-Nomad-packshot-ouvert-34-450x450.jpg\" class=\"attachment-medium size-medium\" alt=\"Goldener Hebelkorkenzieher im Lederetui\" srcset=\"https:\/\/www.atelierduvin.com\/wp-content\/uploads\/Oeno-Motion-Gold-Nomad-packshot-ouvert-34-450x450.jpg 450w, https:\/\/www.atelierduvin.com\/wp-content\/uploads\/Oeno-Motion-Gold-Nomad-packshot-ouvert-34-1024x1024.jpg 1024w, https:\/\/www.atelierduvin.com\/wp-content\/uploads\/Oeno-Motion-Gold-Nomad-packshot-ouvert-34-150x150.jpg 150w, https:\/\/www.atelierduvin.com\/wp-content\/uploads\/Oeno-Motion-Gold-Nomad-packshot-ouvert-34-96x96.jpg 96w, https:\/\/www.atelierduvin.com\/wp-content\/uploads\/Oeno-Motion-Gold-Nomad-packshot-ouvert-34-42x42.jpg 42w, https:\/\/www.atelierduvin.com\/wp-content\/uploads\/Oeno-Motion-Gold-Nomad-packshot-ouvert-34-60x60.jpg 60w, https:\/\/www.atelierduvin.com\/wp-content\/uploads\/Oeno-Motion-Gold-Nomad-packshot-ouvert-34-1536x1536.jpg 1536w, https:\/\/www.atelierduvin.com\/wp-content\/uploads\/Oeno-Motion-Gold-Nomad-packshot-ouvert-34-1320x1320.jpg 1320w, https:\/\/www.atelierduvin.com\/wp-content\/uploads\/Oeno-Motion-Gold-Nomad-packshot-ouvert-34-300x300.jpg 300w, https:\/\/www.atelierduvin.com\/wp-content\/uploads\/Oeno-Motion-Gold-Nomad-packshot-ouvert-34-100x100.jpg 100w, https:\/\/www.atelierduvin.com\/wp-content\/uploads\/Oeno-Motion-Gold-Nomad-packshot-ouvert-34-64x64.jpg 64w, https:\/\/www.atelierduvin.com\/wp-content\/uploads\/Oeno-Motion-Gold-Nomad-packshot-ouvert-34.jpg 2000w\" sizes=\"auto, (max-width: 450px) 100vw, 450px\" \/>        <\/div>\r\n        <div class=\"product-details\">\r\n            <div class=\"row\">\r\n                                    <span class=\"product-category mono\">\r\n                    Nomad Collection                <\/span>\r\n                                                    <span class=\"price-from mono\">\r\n                    Ab                <\/span>\r\n                            <\/div>\r\n            <div class=\"row\">\r\n                <h2 class=\"product-title\">\r\n                    Oeno Motion Gold &#8211; Nomad                <\/h2>\r\n                <div class=\"product-price\">\r\n                    <span class=\"woocommerce-Price-amount amount\"><bdi>400,00<span class=\"woocommerce-Price-currencySymbol\">&euro;<\/span><\/bdi><\/span>                <\/div>\r\n            <\/div>\r\n        <\/div>\r\n    <\/a>\r\n<\/div><div class=\"product-listing\">\r\n            <img decoding=\"async\" class=\"hover-backdrop\" src=\"https:\/\/www.atelierduvin.com\/wp-content\/uploads\/LeGarcon_ambiance_portrait_02_HD-819x1024.jpg\" alt=\"image_background\" loading=\"lazy\">\r\n        <a href=\"https:\/\/www.atelierduvin.com\/produit\/garcon\/\" class=\"product-link\">\r\n                            <span class=\"perso mono\">Personalisierbar<\/span>\r\n                <div class=\"product-image\">\r\n            <img loading=\"lazy\" decoding=\"async\" width=\"450\" height=\"450\" src=\"https:\/\/www.atelierduvin.com\/wp-content\/uploads\/LeGarcon_packshot_ferme_HD-2-450x450.jpg\" class=\"attachment-medium size-medium\" alt=\"Tire-bouchon sommelier en m\u00e9tal chrom\u00e9\" srcset=\"https:\/\/www.atelierduvin.com\/wp-content\/uploads\/LeGarcon_packshot_ferme_HD-2-450x450.jpg 450w, https:\/\/www.atelierduvin.com\/wp-content\/uploads\/LeGarcon_packshot_ferme_HD-2-1024x1024.jpg 1024w, https:\/\/www.atelierduvin.com\/wp-content\/uploads\/LeGarcon_packshot_ferme_HD-2-150x150.jpg 150w, https:\/\/www.atelierduvin.com\/wp-content\/uploads\/LeGarcon_packshot_ferme_HD-2-768x768.jpg 768w, https:\/\/www.atelierduvin.com\/wp-content\/uploads\/LeGarcon_packshot_ferme_HD-2-96x96.jpg 96w, https:\/\/www.atelierduvin.com\/wp-content\/uploads\/LeGarcon_packshot_ferme_HD-2-42x42.jpg 42w, https:\/\/www.atelierduvin.com\/wp-content\/uploads\/LeGarcon_packshot_ferme_HD-2-60x60.jpg 60w, https:\/\/www.atelierduvin.com\/wp-content\/uploads\/LeGarcon_packshot_ferme_HD-2-1536x1536.jpg 1536w, https:\/\/www.atelierduvin.com\/wp-content\/uploads\/LeGarcon_packshot_ferme_HD-2-1320x1320.jpg 1320w, https:\/\/www.atelierduvin.com\/wp-content\/uploads\/LeGarcon_packshot_ferme_HD-2-300x300.jpg 300w, https:\/\/www.atelierduvin.com\/wp-content\/uploads\/LeGarcon_packshot_ferme_HD-2-100x100.jpg 100w, https:\/\/www.atelierduvin.com\/wp-content\/uploads\/LeGarcon_packshot_ferme_HD-2-64x64.jpg 64w, https:\/\/www.atelierduvin.com\/wp-content\/uploads\/LeGarcon_packshot_ferme_HD-2.jpg 2000w\" sizes=\"auto, (max-width: 450px) 100vw, 450px\" \/>        <\/div>\r\n        <div class=\"product-details\">\r\n            <div class=\"row\">\r\n                                    <span class=\"product-category mono\">\r\n                    Tire-bouchons et couteaux sommeliers                <\/span>\r\n                                                    <span class=\"price-from mono\">\r\n                    Ab                <\/span>\r\n                            <\/div>\r\n            <div class=\"row\">\r\n                <h2 class=\"product-title\">\r\n                    Gar\u00e7on !                <\/h2>\r\n                <div class=\"product-price\">\r\n                    <span class=\"woocommerce-Price-amount amount\"><bdi>28,33<span class=\"woocommerce-Price-currencySymbol\">&euro;<\/span><\/bdi><\/span>                <\/div>\r\n            <\/div>\r\n        <\/div>\r\n    <\/a>\r\n<\/div>    <\/div>\r\n            <div class=\"listing-grid-controls row\">\r\n            <span class=\"previous disabled\">\r\n                <svg width=\"12\" height=\"12\" viewBox=\"0 0 12 12\" fill=\"none\" xmlns=\"http:\/\/www.w3.org\/2000\/svg\">\r\n                    <path d=\"M8.60967 11.9399L2.63867 5.97591L8.69417 0.0974121L9.39667 0.799412L4.05417 5.98591L9.32267 11.2484L8.60967 11.9399Z\"\r\n                          fill=\"black\"\/>\r\n                <\/svg>\r\n            <\/span>\r\n            <div class=\"current row\">\r\n                <span class=\"current_num mobile-hidden\">3<\/span>\r\n                <span class=\"current_num desktop-hidden\">1<\/span>\r\n                <span>\r\n                    &nbsp;sur&nbsp;6                <\/span>\r\n            <\/div>\r\n            <span class=\"next mobile-hidden\">\r\n                <svg width=\"12\" height=\"12\" viewBox=\"0 0 12 12\" fill=\"none\" xmlns=\"http:\/\/www.w3.org\/2000\/svg\">\r\n                    <path d=\"M3.39033 0.0600882L9.36133 6.02409L3.30583 11.9026L2.60333 11.2006L7.94583 6.01409L2.67733 0.751588L3.39033 0.0600882Z\"\r\n                          fill=\"black\"\/>\r\n                <\/svg>\r\n            <\/span>\r\n            <span class=\"next desktop-hidden\">\r\n                <svg width=\"12\" height=\"12\" viewBox=\"0 0 12 12\" fill=\"none\" xmlns=\"http:\/\/www.w3.org\/2000\/svg\">\r\n                    <path d=\"M3.39033 0.0600882L9.36133 6.02409L3.30583 11.9026L2.60333 11.2006L7.94583 6.01409L2.67733 0.751588L3.39033 0.0600882Z\"\r\n                          fill=\"black\"\/>\r\n                <\/svg>\r\n            <\/span>\r\n        <\/div>\r\n    <\/div>\n\n    <div class=\"separator mobile-hidden\" style=\"height:40px\"><\/div>\r\n    <div class=\"separator laptop-hidden\" style=\"height:20px\"><\/div>\r\n\n\n\n<h2 class=\"wp-block-heading has-text-align-center\">100 JAHRE IN VERGANGENHEIT, GEGENWART UND ZUKUNFT<\/h2>\n\n\n\n<p class=\"has-text-align-center\">L\u2019Atelier du Vin ist eine Familiengeschichte mit champagnischer Herkunft, seit Jahrzehnten im Besitz eigener Weinberge. Es ist eine gemeinsam getragene Leidenschaft f\u00fcr Architektur und Design.<\/p>\n\n\n    <div class=\"separator mobile-hidden\" style=\"height:20px\"><\/div>\r\n    <div class=\"separator laptop-hidden\" style=\"height:20px\"><\/div>\r\n\n\n<div class=\"custom-block cta-block align-center\"><a href=\"\/de\/unsere-geschichte-100-jahre\/\" class=\"custom-button\">Mehr erfahren<\/a><\/div>\n\n    <div class=\"separator mobile-hidden\" style=\"height:40px\"><\/div>\r\n    <div class=\"separator laptop-hidden\" style=\"height:20px\"><\/div>\r\n\n\n    <div class=\"video-block-container\">\r\n                    <iframe loading=\"lazy\"\r\n                    width=\"100%\"\r\n                    height=\"100%\"\r\n                    allow=\"autoplay; fullscreen\"\r\n                    class=\"embed-player slide-media\"\r\n                    src=\"https:\/\/player.vimeo.com\/video\/1137689167\"\r\n                    data-ready=\"true\">\r\n            <\/iframe>\r\n            <\/div>\r\n\n\n    <div class=\"separator mobile-hidden\" style=\"height:40px\"><\/div>\r\n    <div class=\"separator laptop-hidden\" style=\"height:20px\"><\/div>\r\n\n\n\n<h2 class=\"wp-block-heading has-text-align-center\">Tipps und Aktuelles<\/h2>\n\n\n\n<p class=\"has-text-align-center\">Entdecken Sie unsere <span style=\"text-decoration: underline;\"><a href=\"https:\/\/www.atelierduvin.com\/de\/tag\/aktuelles\/\">News<\/a><\/span> und <a href=\"https:\/\/www.atelierduvin.com\/de\/tag\/tipps\/\"><span style=\"text-decoration: underline;\">Leitf\u00e4den<\/span><\/a><\/p>\n\n\n    <div class=\"separator mobile-hidden\" style=\"height:40px\"><\/div>\r\n    <div class=\"separator laptop-hidden\" style=\"height:20px\"><\/div>\r\n\n\n\r\n<div class=\"container__knowledge bordered\">\r\n    <div class=\"wrapper__info-left\">\r\n\r\n                    <div class=\"content-news\">\r\n                <a href=\"https:\/\/www.atelierduvin.com\/de\/vom-bilame-chrome-zum-bilame-silver-signature-die-entwicklung-einer-weinikone\/\">\r\n                    <img decoding=\"async\" src=\"https:\/\/www.atelierduvin.com\/wp-content\/uploads\/BilameSilver_ambiance_paysage_HD-1.jpg\" alt=\"\">\r\n                    <div class=\"text-content\">\r\n                <span>\r\n                      AKTUELLES\r\n                                             &#8211; 5 minutes                <\/span>\r\n                        <h3>Vom Bilame Chrome zum Bilame Silver Signature: Die Entwicklung einer Weinikone<\/h3>\r\n                        <p>Seit fast einem Jahrhundert pflegt L\u2019Atelier du Vin einen einzigartigen Ansatz f\u00fcr die Kunst, den Wein zu leben: einen Dialog zwischen Tradition, Geste und Material.<\/p>\r\n                    <\/div>\r\n                <\/a>\r\n            <\/div>\r\n\r\n            <\/div>\r\n\r\n    <div class=\"wrapper__info-right\">\r\n        <div class=\"list-content-desc\">\r\n                            <div class=\"individual-item\">\r\n                    <a href=\"https:\/\/www.atelierduvin.com\/de\/latelier-du-vin-x-felco-eine-zusammenarbeit-im-zeichen-von-raffinesse\/\">\r\n                        <div class=\"img-right\">\r\n                            <img decoding=\"async\" src=\"https:\/\/www.atelierduvin.com\/wp-content\/uploads\/240918_ADV_CHAMPAGNE_0320-1.jpg\" alt=\"\">\r\n                        <\/div>\r\n                        <div class=\"text-content\">\r\n                        <span>\r\n                              Aktuelles\r\n                                                             &#8211; 5 minutes                        <\/span>\r\n                            <h3>L\u2018Atelier du Vin x FELCO: eine Zusammenarbeit im Zeichen von Raffinesse<\/h3>\r\n                            <p>In einer ebenso eleganten wie originellen Zusammenarbeit vereinen L\u2018Atelier du Vin und Felco ihr Know-how, um eine einzigartige Kollektion entstehen zu lassen: \u201eDe La Vigne au Jardin\u201c.<\/p>\r\n                        <\/div>\r\n                    <\/a>\r\n                <\/div>\r\n\r\n                            <div class=\"individual-item\">\r\n                    <a href=\"https:\/\/www.atelierduvin.com\/marc-venot-quand-le-design-devient-un-compagnon-de-vie\/\">\r\n                        <div class=\"img-right\">\r\n                            <img decoding=\"async\" src=\"https:\/\/www.atelierduvin.com\/wp-content\/uploads\/Brasseur_Vigneron_ambiance_paysage_02_HD-1024x819.jpg\" alt=\"\">\r\n                        <\/div>\r\n                        <div class=\"text-content\">\r\n                        <span>\r\n                              Actualit\u00e9s\r\n                                                             &#8211; 5 minutes                        <\/span>\r\n                            <h3>Marc Venot : Quand le Design Devient un Compagnon de Vie<\/h3>\r\n                            <p>Marc Venot, designer industriel dipl\u00f4m\u00e9 de l\u2019Ensci \/ Les Ateliers, se distingue par sa capacit\u00e9 \u00e0 allier simplicit\u00e9 et \u00e9l\u00e9gance dans ses cr\u00e9ations. Ses r\u00e9cents projets pour L\u2019Atelier du Vin, Le Brasseur et Le Vigneron, illustrent parfaitement sa philosophie du design.<\/p>\r\n                        <\/div>\r\n                    <\/a>\r\n                <\/div>\r\n\r\n                            <div class=\"individual-item\">\r\n                    <a href=\"https:\/\/www.atelierduvin.com\/de\/latelier-du-vin-und-die-maison-albert-bichot-savoir-faire-als-leidenschaft\/\">\r\n                        <div class=\"img-right\">\r\n                            <img decoding=\"async\" src=\"https:\/\/www.atelierduvin.com\/wp-content\/uploads\/Balder-Prod-MAB-Tire-bouchon-31-1024x682.jpg\" alt=\"\">\r\n                        <\/div>\r\n                        <div class=\"text-content\">\r\n                        <span>\r\n                              Aktuelles\r\n                                                             &#8211; 3 minutes                        <\/span>\r\n                            <h3>L\u2019Atelier du Vin und die Maison Albert Bichot: Savoir-faire als Leidenschaft<\/h3>\r\n                            <p>Es braucht ein gro\u00dfes Savoir-faire, um einen hervorragenden Wein herzustellen \u2013 und zu genie\u00dfen, denn f\u00fcr eine vollendete Verkostung sollten sich die hohe Kunst und das traditionelle Handwerk erg\u00e4nzen. Diesem Esprit folgend hat L\u2018Atelier du Vin eines seiner legend\u00e4ren Kellnermesser f\u00fcr die edle Maison Albert Bichot aus der Bourgogne personalisiert. <\/p>\r\n                        <\/div>\r\n                    <\/a>\r\n                <\/div>\r\n\r\n                            <div class=\"individual-item\">\r\n                    <a href=\"https:\/\/www.atelierduvin.com\/de\/latelier-du-vin-und-paris-society-die-hohe-kunst-gaeste-stilvoll-zu-empfangen\/\">\r\n                        <div class=\"img-right\">\r\n                            <img decoding=\"async\" src=\"https:\/\/www.atelierduvin.com\/wp-content\/uploads\/ADV_AVCGigi_-1024x1024.jpg\" alt=\"\">\r\n                        <\/div>\r\n                        <div class=\"text-content\">\r\n                        <span>\r\n                              Aktuelles\r\n                                                             &#8211; 7 minutes                        <\/span>\r\n                            <h3>L\u2019Atelier du Vin und Paris Society: die hohe Kunst, G\u00e4ste stilvoll zu empfangen<\/h3>\r\n                            <p>Die Lebenskunst nach franz\u00f6sischer Art zeichnet sich durch eine zeitlose Eleganz aus. Sie l\u00e4sst an besondere Einladungen voller Geselligkeit und Raffinesse denken, bei denen jedes einzelne Detail mit h\u00f6chster Sorgfalt bedacht wurde, um den geladenen G\u00e4sten unvergessliche Augenblicke zu bescheren. <\/p>\r\n                        <\/div>\r\n                    <\/a>\r\n                <\/div>\r\n\r\n                            <div class=\"individual-item\">\r\n                    <a href=\"https:\/\/www.atelierduvin.com\/de\/nomad-for-paul-smith-collection-eine-limitierte-edition-in-den-farben-eines-inspirierenden-modeschoepfers\/\">\r\n                        <div class=\"img-right\">\r\n                            <img decoding=\"async\" src=\"https:\/\/www.atelierduvin.com\/wp-content\/uploads\/PaulSmith_Nomad_34-1-1024x618.jpg\" alt=\"\">\r\n                        <\/div>\r\n                        <div class=\"text-content\">\r\n                        <span>\r\n                              Aktuelles\r\n                                                             &#8211; 4 minutes                        <\/span>\r\n                            <h3>Nomad for Paul Smith Collection: eine limitierte Edition in den Farben eines inspirierenden Modesch\u00f6pfers<\/h3>\r\n                            <p>Einzigartige Zusammenarbeit. Handwerkliches Design. L\u2018Atelier du Vin pr\u00e4sentiert eine neue Linie der Collection Nomad, die speziell f\u00fcr Paul Smith entworfen wurde. <\/p>\r\n                        <\/div>\r\n                    <\/a>\r\n                <\/div>\r\n\r\n            \r\n        <\/div>\r\n    <\/div>\r\n<\/div>\r\n\n\n    <div class=\"temoignages-container bordered \">\r\n        <div class=\"temoignages-title\">\r\n            <h2>Erfahrungsberichte<\/h2>\r\n        <\/div>\r\n        <div class=\"product-listing-grid temoignages_grid\">\r\n                            <div class=\"product-listing temoignage\">\r\n                    <div class=\"recto\">\r\n                        <img decoding=\"async\" src=\"https:\/\/www.atelierduvin.com\/wp-content\/uploads\/MR-PORTER-4.png\" alt=\"\" loading=\"lazy\" >                    <\/div>\r\n                    <div class=\"verso\">\r\n                        <blockquote cite=\"L.S, Eink\u00e4uferin, Mr Porter, Vereinigtes K\u00f6nigreich\">\r\n                            <p>L\u2019Atelier du Vin kreiert brillante Accessoires f\u00fcr Wein und Champagner. Jedes St\u00fcck ist ergonomisch gestaltet, fachm\u00e4nnisch hergestellt und in erster Linie funktional.<\/p>\n                        <\/blockquote>\r\n                        <span class=\"signed\">\r\n                        L.S, Eink\u00e4uferin, Mr Porter, Vereinigtes K\u00f6nigreich                    <\/span>\r\n                    <\/div>\r\n                <\/div>\r\n                            <div class=\"product-listing temoignage\">\r\n                    <div class=\"recto\">\r\n                        <img decoding=\"async\" src=\"https:\/\/www.atelierduvin.com\/wp-content\/uploads\/Netflix-1.png\" alt=\"\" loading=\"lazy\" >                    <\/div>\r\n                    <div class=\"verso\">\r\n                        <blockquote cite=\"A.R, Talent Relations, Netflix, Weltweit\">\r\n                            <p>Wir lieben Ihre Marke! Wir verschenken sie h\u00e4ufig in all unseren Regionen, und sie kommt immer sehr gut an. Sie haben einen gro\u00dfartigen Geschmack und exzellente Qualit\u00e4t \u2013 vielen Dank, dass Sie uns das Schenken so leicht machen!<\/p>\n                        <\/blockquote>\r\n                        <span class=\"signed\">\r\n                        A.R, Talent Relations, Netflix, Weltweit                    <\/span>\r\n                    <\/div>\r\n                <\/div>\r\n                            <div class=\"product-listing temoignage\">\r\n                    <div class=\"recto\">\r\n                        <img decoding=\"async\" src=\"https:\/\/www.atelierduvin.com\/wp-content\/uploads\/cite-du-vin-2.jpg\" alt=\"\" loading=\"lazy\" >                    <\/div>\r\n                    <div class=\"verso\">\r\n                        <blockquote cite=\"V.D.A, La Cit\u00e9 du Vin, Bordeaux, Frankreich\">\r\n                            <p>L\u2019Atelier du Vin ist schon von Anfang an in der Cit\u00e9 du Vin mit von der Partie: exklusive Produkte, Marketingmaterialien, usw. Wir arbeiten t\u00e4glich Hand in Hand. Eine wirklich vertrauensvolle Partnerschaft.<\/p>\n                        <\/blockquote>\r\n                        <span class=\"signed\">\r\n                        V.D.A, La Cit\u00e9 du Vin, Bordeaux, Frankreich                    <\/span>\r\n                    <\/div>\r\n                <\/div>\r\n                            <div class=\"product-listing temoignage\">\r\n                    <div class=\"recto\">\r\n                        <img decoding=\"async\" src=\"https:\/\/www.atelierduvin.com\/wp-content\/uploads\/athenaeum.png\" alt=\"\" loading=\"lazy\" >                    <\/div>\r\n                    <div class=\"verso\">\r\n                        <blockquote cite=\"V.C, Inhaber, L\u2019Ath\u00e9naeum, Beaune, Frankreich\">\r\n                            <p>L\u2019Atelier du Vin ist seit mehreren Jahrzehnten eng verwoben mit den Entwicklungen des Athenaeum. L\u2019Atelier du Vin hat seine Kreativit\u00e4t in die Dienste der Weinliebhaber gestellt, indem es zugleich sch\u00f6ne und funktionale Objekte entwirft. Man hat dort immer unseren Hinweisen Geh\u00f6r geschenkt, auf die Erwartungen unser Kunden geachtet und schnell auf unsere Anliegen reagiert. Bei Athenaeum war es uns schon immer ein Anliegen, die Menschen hinter den B\u00fcchern, den Weinen oder den Objekten, die wir verkaufen, zu zeigen. Diesen menschlichen Aspekt haben wir auch immer bei unseren Partnern bei L\u2019Atelier du Vin wahrgenommen. Vincent, Gesch\u00e4ftsf\u00fchrer, L\u2019Ath\u00e9naeum, Beaune, Frankreich<\/p>\n                        <\/blockquote>\r\n                        <span class=\"signed\">\r\n                        V.C, Inhaber, L\u2019Ath\u00e9naeum, Beaune, Frankreich                    <\/span>\r\n                    <\/div>\r\n                <\/div>\r\n                            <div class=\"product-listing temoignage\">\r\n                    <div class=\"recto\">\r\n                        <img decoding=\"async\" src=\"https:\/\/www.atelierduvin.com\/wp-content\/uploads\/moma-2.png\" alt=\"\" loading=\"lazy\" >                    <\/div>\r\n                    <div class=\"verso\">\r\n                        <blockquote cite=\"E.P, Direktor, MoMA Store \u2013 Museum of Modern Art, New York, USA\">\r\n                            <p>Ich habe seit mehr als 20 Jahren das Vergn\u00fcgen, mit L\u2019Atelier du Vin zu arbeiten. Die Leute sind \u00e4u\u00dferst sympathisch und ich bin jedes Mal beeindruckt, mit welcher Intelligenz sie an Produkte herangehen, die mit der Weinkultur zusammenh\u00e4ngen, und von der Qualit\u00e4t ihres Angebots.<\/p>\n                        <\/blockquote>\r\n                        <span class=\"signed\">\r\n                        E.P, Direktor, MoMA Store \u2013 Museum of Modern Art, New York, USA                    <\/span>\r\n                    <\/div>\r\n                <\/div>\r\n                            <div class=\"product-listing temoignage\">\r\n                    <div class=\"recto\">\r\n                        <img decoding=\"async\" src=\"https:\/\/www.atelierduvin.com\/wp-content\/uploads\/galerie-lafayette-3.png\" alt=\"\" loading=\"lazy\" >                    <\/div>\r\n                    <div class=\"verso\">\r\n                        <blockquote cite=\"H.P, Einkaufsleitung, Galeries Lafayette, Frankreich\">\r\n                            <p>L\u2019Atelier du Vin ist eine gro\u00dfartige franz\u00f6sische Marke, die f\u00fcr Liebhaber der \u00d6nologie nicht mehr wegzudenken ist. Eine Kollektion sch\u00f6ner Alltagsgegenst\u00e4nde, die das kreative Talent einer passionierten Familie widerspiegelt.<\/p>\n                        <\/blockquote>\r\n                        <span class=\"signed\">\r\n                        H.P, Einkaufsleitung, Galeries Lafayette, Frankreich                    <\/span>\r\n                    <\/div>\r\n                <\/div>\r\n                    <\/div>\r\n        <div class=\"listing-grid-controls row\">\r\n            <span class=\"previous disabled\">\r\n                <svg width=\"12\" height=\"12\" viewBox=\"0 0 12 12\" fill=\"none\" xmlns=\"http:\/\/www.w3.org\/2000\/svg\">\r\n                    <path d=\"M8.60967 11.9399L2.63867 5.97591L8.69417 0.0974121L9.39667 0.799412L4.05417 5.98591L9.32267 11.2484L8.60967 11.9399Z\"\r\n                          fill=\"black\"\/>\r\n                <\/svg>\r\n            <\/span>\r\n            <div class=\"current row\">\r\n                <span class=\"current_num mobile-hidden\">3<\/span>\r\n                <span class=\"current_num desktop-hidden\">1<\/span>\r\n                <span>\r\n                    &nbsp;sur&nbsp;6                <\/span>\r\n            <\/div>\r\n            <span class=\"next mobile-hidden\">\r\n                <svg width=\"12\" height=\"12\" viewBox=\"0 0 12 12\" fill=\"none\" xmlns=\"http:\/\/www.w3.org\/2000\/svg\">\r\n                    <path d=\"M3.39033 0.0600882L9.36133 6.02409L3.30583 11.9026L2.60333 11.2006L7.94583 6.01409L2.67733 0.751588L3.39033 0.0600882Z\"\r\n                          fill=\"black\"\/>\r\n                <\/svg>\r\n            <\/span>\r\n            <span class=\"next desktop-hidden\">\r\n                <svg width=\"12\" height=\"12\" viewBox=\"0 0 12 12\" fill=\"none\" xmlns=\"http:\/\/www.w3.org\/2000\/svg\">\r\n                    <path d=\"M3.39033 0.0600882L9.36133 6.02409L3.30583 11.9026L2.60333 11.2006L7.94583 6.01409L2.67733 0.751588L3.39033 0.0600882Z\"\r\n                          fill=\"black\"\/>\r\n                <\/svg>\r\n            <\/span>\r\n        <\/div>\r\n    <\/div>\r\n\r\n","protected":false},"excerpt":{"rendered":"<p>Seit 1926 L\u2019Atelier du Vin kreiert exklusive Weinaccessoires. Heute ist unser Familienunternehmen Ihr Spezialist f\u00fcr \u00d6nologie, vom Keller bis zum Tisch. Gestalten Sie Ihre Weinaccessoires F\u00fcr ein einzigartiges und raffiniertes Geschenk, schenken Sie oder g\u00f6nnen Sie sich personalisierte Weinwerkzeuge von L\u2019Atelier du Vin, f\u00fcr erhabene Verkostungen. Entdecken 100 JAHRE IN VERGANGENHEIT, GEGENWART UND ZUKUNFT L\u2019Atelier [&hellip;]<\/p>\n","protected":false},"author":5992,"featured_media":0,"parent":0,"menu_order":0,"comment_status":"closed","ping_status":"closed","template":"pages\/homepage.php","meta":{"_acf_changed":false,"footnotes":""},"class_list":["post-193181","page","type-page","status-publish","hentry"],"acf":[],"_links":{"self":[{"href":"https:\/\/www.atelierduvin.com\/de\/wp-json\/wp\/v2\/pages\/193181","targetHints":{"allow":["GET"]}}],"collection":[{"href":"https:\/\/www.atelierduvin.com\/de\/wp-json\/wp\/v2\/pages"}],"about":[{"href":"https:\/\/www.atelierduvin.com\/de\/wp-json\/wp\/v2\/types\/page"}],"author":[{"embeddable":true,"href":"https:\/\/www.atelierduvin.com\/de\/wp-json\/wp\/v2\/users\/5992"}],"replies":[{"embeddable":true,"href":"https:\/\/www.atelierduvin.com\/de\/wp-json\/wp\/v2\/comments?post=193181"}],"version-history":[{"count":5,"href":"https:\/\/www.atelierduvin.com\/de\/wp-json\/wp\/v2\/pages\/193181\/revisions"}],"predecessor-version":[{"id":306622,"href":"https:\/\/www.atelierduvin.com\/de\/wp-json\/wp\/v2\/pages\/193181\/revisions\/306622"}],"wp:attachment":[{"href":"https:\/\/www.atelierduvin.com\/de\/wp-json\/wp\/v2\/media?parent=193181"}],"curies":[{"name":"wp","href":"https:\/\/api.w.org\/{rel}","templated":true}]}}